{"id":998,"date":"2014-10-26T14:55:15","date_gmt":"2014-10-26T13:55:15","guid":{"rendered":"http:\/\/www.rvdc.be\/?page_id=998"},"modified":"2025-09-27T14:44:22","modified_gmt":"2025-09-27T13:44:22","slug":"historiek-3","status":"publish","type":"page","link":"http:\/\/www.rvdc.be\/?page_id=998","title":{"rendered":"Historiek"},"content":{"rendered":"\t\t<div data-elementor-type=\"wp-page\" data-elementor-id=\"998\" class=\"elementor elementor-998\">\n\t\t\t\t<div class=\"elementor-element elementor-element-2c34d9ac e-flex e-con-boxed e-con e-parent\" data-id=\"2c34d9ac\" data-element_type=\"container\" data-e-type=\"container\">\n\t\t\t\t\t<div class=\"e-con-inner\">\n\t\t\t\t<div class=\"elementor-element elementor-element-846de47 elementor-widget elementor-widget-text-editor\" data-id=\"846de47\" data-element_type=\"widget\" data-e-type=\"widget\" data-widget_type=\"text-editor.default\">\n\t\t\t\t<div class=\"elementor-widget-container\">\n\t\t\t\t\t\t\t\t\t<h1 style=\"text-align: left;\"><span style=\"color: var(--theme-heading-color, var(--theme-heading-1-color, var(--theme-headings-color))); font-family: var(--theme-font-family); font-size: var(--theme-font-size); font-style: var(--theme-font-style, inherit); font-variant-ligatures: inherit; font-variant-caps: inherit; font-weight: var(--theme-font-weight); letter-spacing: var(--theme-letter-spacing); text-transform: var(--theme-text-transform); background-color: var(--theme-palette-color-8);\">De oorsprong van carnaval<\/span><\/h1><p style=\"text-align: left;\"><span style=\"color: #000000;\">Carnaval, Karnaval, Fasching, Mardi Gras&#8230; Op veel plaatsen in Europa (o.a. Aalst, Keulen, M\u00fcnchen, Veneti\u00eb) en elders in de wereld (o.a. Rio de Janeiro, New Orleans) wordt er elk jaar opnieuw op eigen wijze carnaval gevierd. \u00a0Het is \u00e9\u00e9n van de oudste volksfeesten (zo niet h\u00e9t oudste?), dat je zowel bij de minst ontwikkelde als de meest hoogstaande volkeren aantrof. Onze primitieve voorouders, die zeer nauw met de natuur verbonden waren en er afhankelijk van waren, uitten zich al in dankfeesten om de oogst en in smeekfeesten om vruchtbaarheid en voedsel. Toen het christendom zich in onze gewesten verspreidde, werden deze heidense vieringen door de in machtig wordende katholieke kerk met een scheef oog bekeken.<\/span><\/p><figure id=\"attachment_3755\" aria-describedby=\"caption-attachment-3755\" style=\"width: 575px\" class=\"wp-caption aligncenter\"><img fetchpriority=\"high\" decoding=\"async\" class=\"wp-image-3755\" src=\"http:\/\/www.rvdc.be\/wp-content\/uploads\/2025\/03\/Desfile_Portela_2014_906185-1024x681.jpg\" alt=\"\" width=\"575\" height=\"382\" srcset=\"http:\/\/www.rvdc.be\/wp-content\/uploads\/2025\/03\/Desfile_Portela_2014_906185-1024x681.jpg 1024w, http:\/\/www.rvdc.be\/wp-content\/uploads\/2025\/03\/Desfile_Portela_2014_906185-300x200.jpg 300w, http:\/\/www.rvdc.be\/wp-content\/uploads\/2025\/03\/Desfile_Portela_2014_906185-768x511.jpg 768w, http:\/\/www.rvdc.be\/wp-content\/uploads\/2025\/03\/Desfile_Portela_2014_906185.jpg 1200w\" sizes=\"(max-width: 575px) 100vw, 575px\" \/><figcaption id=\"caption-attachment-3755\" class=\"wp-caption-text\"><span style=\"color: #000000;\">Een voorbeeld van het carnaval in Rio de Janeiro<\/span><\/figcaption><\/figure><div><p><span style=\"color: #000000;\">Hoe is het feest dat wij &#8216;carnaval&#8217; noemen hiermee in verband te brengen? De term werd van oudsher afgeleid van het Latijnse &#8216;carnem levare&#8217;: vaarwel aan het vlees. In die betekenis lijkt het carnaval zijn wortels te vinden in de christelijke traditie. Het is dan een eetfestijn, omdat het de laatste kans is om goed te eten v\u00f3\u00f3r de vastentijd. Op Vette Dinsdag werd al het vet dat er in huis was opgemaakt, omdat het anders zou bederven. Het heidense feest bestond echter al langer dan de christelijke traditie. De kerk verbood vele eeuwen lang dit heidense carnavalsgebeuren (een drinkgelag waarbij men in aftandse kleren rondliep en zich vermomde als vrouw of man), omdat het in strijd zou zijn met de Bijbel. Toch bleef de drang om zich te verkleden en eens goed uit de bol te gaan aanwezig. Toen de kerk besefte dat dit heidense gebruik niet uit te roeien was, werd carnaval stilaan gedoogd en werd het feest uiteindelijk gewoon in de christelijke kalender ingeschakeld. Zo heeft de kerk het uiteindelijk gemakkelijker gevonden om het heidense carnaval om te zetten in een feest dat gekoppeld is aan Pasen en de voorafgaande vastenperiode.<\/span><\/p><p><span style=\"color: #000000;\">\u00a0\u00a0<\/span><\/p><p><span style=\"color: #000000;\">Niet alleen vanuit kerkelijke hoek, maar ook vanwege de wereldlijke overheden ondervond het volksfeest veel tegenkanting. Zo kwam er bijvoorbeeld op het einde van de 19<sup>e<\/sup> eeuw in Gent vanuit het stadsbestuur felle weerstand tegen het carnavalsfeest. De socialistische voorman Edward Anseele ergerde zich blauw aan \u201cde lolbroeken uit de beluiken en steegjes die elk jaar op signaal van de kalender hun mombakkes en kleurige kostuums bovenhalen.\u201d \u00a0Die starre houding leidde uiteindelijk tot het verbieden en verdwijnen van het Gentse carnaval. Ook elders in de 19<sup>e<\/sup> en later in de 20<sup>e<\/sup> eeuw probeerden de gemeentelijke overheden door middel van verordeningen en reglementering vat te krijgen op het carnaval, \u201cten einde uitspattingen te voorkomen.\u201d<\/span><\/p><p><span style=\"color: #000000;\">\u00a0\u00a0<\/span><\/p><p><span style=\"color: #000000;\">Een andere mogelijke verklaring voor de term carnaval is het eveneens Latijnse \u2018Carrus Navalis\u2019, of scheepswagen. Dit zou verwijzen naar rondtrekkende groepen in een als schip ogende wagen of kar, het zogenaamde narrenschip. Maar ook kan het betrekking hebben op het schip waarmee de god van de zee der Kelten en Germanen uit het Noorden kwam, om deel te nemen aan de winterfeesten.<\/span><\/p><p><span style=\"color: #000000;\">\u00a0\u00a0<\/span><\/p><p><span style=\"color: #000000;\">De Romeinen vierden het feest van de Saturnali\u00ebn, dat veel kenmerken had van het hedendaagse carnaval, zoals drink- en eetgelagen, met een soort prins carnaval, vermommingen en optochten door de straten.<\/span><\/p><figure id=\"attachment_3760\" aria-describedby=\"caption-attachment-3760\" style=\"width: 500px\" class=\"wp-caption aligncenter\"><img decoding=\"async\" class=\"wp-image-3760\" src=\"http:\/\/www.rvdc.be\/wp-content\/uploads\/2025\/03\/Saturnalia_by_Antoine_Callet-300x221-1.jpg\" alt=\"\" width=\"500\" height=\"368\" \/><figcaption id=\"caption-attachment-3760\" class=\"wp-caption-text\"><span style=\"color: #000000;\">Een voorbeeld van het feest van de Saturnali\u00ebn<\/span><\/figcaption><\/figure><p><span style=\"color: #000000;\">\u00a0 <\/span><\/p><p><span style=\"font-family: inherit; font-size: inherit; font-style: inherit; font-variant-ligatures: inherit; font-variant-caps: inherit; font-weight: inherit; text-align: var(--text-align); background-color: var(--theme-palette-color-8); letter-spacing: var(--theme-letter-spacing); text-transform: var(--theme-text-transform); color: #000000;\">Nog een andere verklaring verbindt het carnavalsfeest met de vroegere narren- en ezelsfeesten. Leerlingen van de kloosterscholen mochten op de vooravond van grote kerkelijke feesten even de bloemetjes buitenzetten. Er werd een zottenpaus verkozen en &#8211; achterstevoren op een ezel gezet &#8211; door de stad gevoerd. De studenten zongen schunnige liederen en liepen er vaak gemaskerd bij rond<\/span><\/p><p><span style=\"color: #000000;\">\u00a0\u00a0<\/span><\/p><p><span style=\"color: #000000;\">Op de echte carnavalsoptochten, \u00a0zoals wij die nu kennen, was het wachten tot na de Tweede Wereldoorlog. V\u00f3\u00f3r die tijd heerste het gemaskerd straatcarnaval. De oudste vermelding hiervan vinden we in de 16<sup>e<\/sup> eeuw in Tongeren, waar het vermommen verboden werd. Eveneens in Tongeren werd er in 1790 een proces ingespannen tegen een zekere Jan Timmermans van Corteshoven (Kortessem) omdat hij \u201c\u2018masqueraat had gelopen in vrouw met syroop op gesicht en vervolgens gevochten had.\u201d<\/span><\/p><p><span style=\"color: #000000;\"><span style=\"font-family: inherit; font-size: inherit; font-style: inherit; font-variant-ligatures: inherit; font-variant-caps: inherit; font-weight: inherit; text-align: var(--text-align); background-color: var(--theme-palette-color-8); letter-spacing: var(--theme-letter-spacing); text-transform: var(--theme-text-transform);\">In de 19<\/span><sup style=\"text-align: var(--text-align); background-color: var(--theme-palette-color-8); letter-spacing: var(--theme-letter-spacing); text-transform: var(--theme-text-transform);\">e<\/sup><span style=\"font-family: inherit; font-size: inherit; font-style: inherit; font-variant-ligatures: inherit; font-variant-caps: inherit; font-weight: inherit; text-align: var(--text-align); background-color: var(--theme-palette-color-8); letter-spacing: var(--theme-letter-spacing); text-transform: var(--theme-text-transform);\"> eeuw en tot een eindje in de 20ste eeuw trok men op vastenavond en halfvasten gemaskerd en verkleed van caf\u00e9 naar caf\u00e9 en ten slotte naar de balzaal. Deze vorm van carnaval vieren gaf regelmatig aanleiding tot vechten en ruzie maken. Vandaar dat de meeste Limburgse carnavalsgemeenten een reglement invoerden, waarbij de gemaskerden verplicht waren een identificatienummer op de borst te dragen en om middernacht de maskers af te nemen.<\/span><\/span><\/p><p><span style=\"color: #000000;\">\u00a0<span style=\"font-family: inherit; font-size: inherit; font-style: inherit; font-variant-ligatures: inherit; font-variant-caps: inherit; font-weight: inherit; text-align: var(--text-align); background-color: var(--theme-palette-color-8); letter-spacing: var(--theme-letter-spacing); text-transform: var(--theme-text-transform);\">Sporadisch zijn er in Limburg ook toen wel al carnavalsstoeten uitgetrokken. Zo zijn er verwijzingen naar optochten in Tongeren (1871), Bree (1894), Uikhoven<\/span><\/span><\/p><p><span style=\"font-family: inherit; font-size: inherit; font-style: inherit; font-variant-ligatures: inherit; font-variant-caps: inherit; font-weight: inherit; text-align: var(--text-align); background-color: var(--theme-palette-color-8); letter-spacing: var(--theme-letter-spacing); text-transform: var(--theme-text-transform); color: #000000;\">Kort na de Tweede Wereldoorlog ontstonden er in Limburg vrij vlug carnavalsverenigingen:\u00a0 in1951 in Hasselt en in 1952 in Tongeren. Ze werden be\u00efnvloed door het Rijnlandse Carnaval. Vooral door het Carnaval van Keulen.<\/span><\/p><p><span style=\"color: #000000;\">Welke Rijnlandse tradities werden er overgenomen?<\/span><\/p><ul><li><span style=\"color: #000000;\">De carnavalsoptochten met praalwagens, georganiseerd en gemaakt door de carnavalsverenigingen<\/span><\/li><li><span style=\"color: #000000;\">De Raad van Elf: een gezelschap van 11 mannen met een president aan het hoofd, die tijdens het carnaval de activiteiten organiseren en begeleiden. De naam verwijst naar het getal 11, het narren- of gekkengetal, dat een belangrijke rol speelt in het carnaval. Vanaf 11.11 is de Raad in de weer met de voorbereiding van feest, optocht, prinsenbal en jeugdcarnaval.<\/span><\/li><li><span style=\"color: #000000;\">Prins Carnaval, de gekozen ceremoniemeester die tijdens de carnavalsdagen het feest leidt. Tijdens het carnaval wordt door de burgemeester met een vrolijke plechtigheid het bestuur van de stad overgedragen aan Prins Carnaval. Daarbij wordt de sleutel van de stad overhandigd. Van Prins Carnaval wordt verwacht dat hij geregeld een rondje geeft en van op zijn hoge praalwagen tijdens de stoet kilo\u2019s snoep, fruit, bloemen en hebbedingetjes over de carnavalisten uitstrooit.<\/span><\/li><li><span style=\"color: #000000;\">Kleuren: het Rijnlandse carnaval heeft drie offici\u00eble kleuren die overal terugkomen, namelijk rood, geel en groen.<\/span><\/li><li><span style=\"color: #000000;\">De carnavalsgroet \u2018alaaf\u2019. Over de herkomst zeggen sommigen dat het een verbastering is van het woord elf (het gekkennummer, denk aan de Raad van Elf). Anderen zeggen dat alaaf afkomstig is uit het Oud-Keulse dialect \u2018all af\u2019, hetgeen zou betekenen \u2018alles weg\u2019 en verwijst naar de oorsprong van het carnaval, namelijk dat voor de vastentijd alle spijs en drank op moest.<\/span><\/li><li><span style=\"color: #000000;\">Het betogen in het dialect. De persoon die dit doet, wordt een tonredenaar &#8211; in Nederlands-Limburg een buutredner &#8211; genoemd. In zijn cabaretesk betoog worden vaak actuele situaties en bekende personen uit de lokale politiek op de korrel genomen.<\/span><\/li><li><span style=\"color: #000000;\">De oude-wijvenavond in het Maasland: tijdens oude wijven zijn de caf\u00e9s en straten bevolkt door verklede vrouwen. Mannen die zich dan daar bevinden, lopen het risico vernederd en weggejaagd te worden.<\/span><\/li><\/ul><p><span style=\"color: #000000;\">Naast het Rijnlandse Carnaval is er nog een\u00a0 Bourgondische variant die vooral in het noorden en westen van het Nederlandse Noord-Brabant en Zeeland gevierd wordt. In die gebieden veranderen steden tijdens het carnaval zelfs van naam, bijv. Breda wordt Kielegat, Tilburg Krabbegat.<\/span><\/p><p><span style=\"color: #000000;\">In Oost-Vlaanderen en Vlaams-Brabant kent men een meer anarchistisch straatcarnaval met Aalst als voorbeeld. De Aalsterse zondagsstoet hekelt elk jaar lokale, nationale of internationale thema\u2019s. Losse groepen haken in op de actualiteit. De dinsdag is er een Voile Jeanettenstoet: in vrouwenkleren gestoken mannen met kinderkoets, kapotte paraplu en haring in een vogelkooi zijn dan de meester van de straat.<\/span><\/p><\/div>\t\t\t\t\t\t\t\t<\/div>\n\t\t\t\t<\/div>\n\t\t\t\t\t<\/div>\n\t\t\t\t<\/div>\n\t\t<div class=\"elementor-element elementor-element-7e73125 e-flex e-con-boxed e-con e-parent\" data-id=\"7e73125\" data-element_type=\"container\" data-e-type=\"container\">\n\t\t\t\t\t<div class=\"e-con-inner\">\n\t\t\t\t<div class=\"elementor-element elementor-element-13d4d62 elementor-widget-divider--view-line elementor-widget elementor-widget-divider\" data-id=\"13d4d62\" data-element_type=\"widget\" data-e-type=\"widget\" data-widget_type=\"divider.default\">\n\t\t\t\t<div class=\"elementor-widget-container\">\n\t\t\t\t\t\t\t<div class=\"elementor-divider\">\n\t\t\t<span class=\"elementor-divider-separator\">\n\t\t\t\t\t\t<\/span>\n\t\t<\/div>\n\t\t\t\t\t\t<\/div>\n\t\t\t\t<\/div>\n\t\t\t\t\t<\/div>\n\t\t\t\t<\/div>\n\t\t<div class=\"elementor-element elementor-element-2bcb3ff e-flex e-con-boxed e-con e-parent\" data-id=\"2bcb3ff\" data-element_type=\"container\" data-e-type=\"container\">\n\t\t\t\t\t<div class=\"e-con-inner\">\n\t\t\t\t<div class=\"elementor-element elementor-element-7813c78 elementor-widget elementor-widget-text-editor\" data-id=\"7813c78\" data-element_type=\"widget\" data-e-type=\"widget\" data-widget_type=\"text-editor.default\">\n\t\t\t\t<div class=\"elementor-widget-container\">\n\t\t\t\t\t\t\t\t\t<h1>Carnaval in Loon<\/h1><p>In Borgloon duikt pas in1927 voor de eerste maal een georganiseerde vorm van carnaval op wanneer de maatschappij\u00a0 De Domino\u2019s wordt opgericht. Volgens de stichtingsakte was het\u00a0 \u201ceen onzijdige, onafhankelijke maatschappij , bereid om samen te werken met andere maatschappijen, deel te nemen aan hun feesten, en aan al wat kan ondernomen worden ten doel hebbende \u2019t vermaak en \u2019t voordeel onzer gemeente.\u201d De vereniging werd opgericht door de heren Jean Cochoul, Florent Lismont, Albert Teuchies, Louis Teuchies en Jean Wijnants. In 1928 zetelden in het bestuur voorzitter A. Petry, schatbewaarder L. Teuchies, J. Ponet als eerste en L. Martens als tweede schrijver.<\/p><p>Enkele opmerkelijke statuten van De Domino\u2019s:<\/p><ul><li>Het lokaal is gevestigd bij L. Teuchies in de Kroonstraat<\/li><li>De stoet vindt plaats op de 2<sup>e<\/sup>\u00a0zondag van Vastenavond en in geval van slecht weer of onvoorziene gebeurtenissen op den zondag van Halfvasten<\/li><li>De vlag bestaat uit wit en zwart in den vorm van een tekening<\/li><\/ul><p>Er is hier dus sprake van een stoet. Tot op heden hebben we geen getuigen gevonden, die weet hebben van een optocht of stoet destijds. Trokken de Domino\u2019s er misschien alleen op uit door de straten van Loon op de 2<sup>e<\/sup>\u00a0zondag van Vastenavond ?<\/p><p>De laatste vermelding van een carnavalsviering met de Domino\u2019s dateert uit 1937.<\/p><p>\u00a0De naam Domino\u2019s was overigens niet ongewoon voor een carnavalsvereniging. Hij is terug te vinden op tekeningen en in vermeldingen over de meeste van onze vroegere carnavals, tot ver terug in de 15<sup>e<\/sup>\u00a0en 16<sup>e<\/sup>\u00a0eeuw. \u00a0Domino\u2019s waren zeer populaire vermommingen: mantels met een brede kap zoals de monniken ze droegen. Door de modegrillen werd deze kledij ruim verspreid en werd ze o.a. door de dames van het Franse hof als vermomming aangetrokken. De naam zou een afleiding zijn van een satirisch refrein bij het kruisen van een monnik, drager van deze mantel. Op een half schertsende toon zei men \u2018Benedicamus domino\u2019. Onder deze naam zijn ze nu nog altijd gekend in Veneti\u00eb.<\/p><figure id=\"attachment_1086\" class=\"wp-caption aligncenter\" aria-describedby=\"caption-attachment-1086\"><img decoding=\"async\" class=\"aligncenter wp-image-1086\" src=\"http:\/\/www.rvdc.be\/wp-content\/uploads\/2014\/10\/Boek11.jpg\" sizes=\"(max-width: 1280px) 100vw, 1280px\" srcset=\"http:\/\/www.rvdc.be\/wp-content\/uploads\/2014\/10\/Boek11.jpg 1280w, http:\/\/www.rvdc.be\/wp-content\/uploads\/2014\/10\/Boek11-300x207.jpg 300w, http:\/\/www.rvdc.be\/wp-content\/uploads\/2014\/10\/Boek11-1024x708.jpg 1024w\" alt=\"Boek11\" width=\"1100\" height=\"761\" \/><figcaption id=\"caption-attachment-1086\" class=\"wp-caption-text\">Een originele foto van de stoet georganiseerd door De Dominos<\/figcaption><\/figure>\t\t\t\t\t\t\t\t<\/div>\n\t\t\t\t<\/div>\n\t\t\t\t\t<\/div>\n\t\t\t\t<\/div>\n\t\t<div class=\"elementor-element elementor-element-9191a87 e-flex e-con-boxed e-con e-parent\" data-id=\"9191a87\" data-element_type=\"container\" data-e-type=\"container\">\n\t\t\t\t\t<div class=\"e-con-inner\">\n\t\t\t\t<div class=\"elementor-element elementor-element-650f1fb elementor-widget-divider--view-line elementor-widget elementor-widget-divider\" data-id=\"650f1fb\" data-element_type=\"widget\" data-e-type=\"widget\" data-widget_type=\"divider.default\">\n\t\t\t\t<div class=\"elementor-widget-container\">\n\t\t\t\t\t\t\t<div class=\"elementor-divider\">\n\t\t\t<span class=\"elementor-divider-separator\">\n\t\t\t\t\t\t<\/span>\n\t\t<\/div>\n\t\t\t\t\t\t<\/div>\n\t\t\t\t<\/div>\n\t\t\t\t\t<\/div>\n\t\t\t\t<\/div>\n\t\t<div class=\"elementor-element elementor-element-7f4ff6f e-flex e-con-boxed e-con e-parent\" data-id=\"7f4ff6f\" data-element_type=\"container\" data-e-type=\"container\">\n\t\t\t\t\t<div class=\"e-con-inner\">\n\t\t\t\t<div class=\"elementor-element elementor-element-3ae8f9e elementor-widget elementor-widget-text-editor\" data-id=\"3ae8f9e\" data-element_type=\"widget\" data-e-type=\"widget\" data-widget_type=\"text-editor.default\">\n\t\t\t\t<div class=\"elementor-widget-container\">\n\t\t\t\t\t\t\t\t\t<h1>1963 &#8211; De oprichting<\/h1><p>Voor 1963 was al 26 jaar geleden dat er in Borgloon nog een carnavalsviering had plaatsgevonden. Er waren toen wel al carnavalsstoeten in Hasselt, Sint-Truiden en Tongeren. In Wellen \u2013 Overbroek was er op Vette Dinsdag een reclamestoet.<\/p><p>John Vanstraelen, mede-uitbater van een drukkerij, drukte voor deze stoet in Wellen een reclameboekje. Zo borrelde bij hem het idee op: \u201cWaarom kan dit ook niet in Loon en waarom niet nog een stapje verder, met een echte stoet?\u201d Hij besefte wel dat hij zo een grote taak niet alleen aankon en zocht en vond de steun van zijn broer Hugo en van zijn vrienden Jef Cordens, Val\u00e8re Ramaekers en Guy Toppets. John woonde in die tijd op het marktplein en de eerste vergaderingen vonden dan ook plaats in het caf\u00e9 Tribunaal, bij Edmond Marckelbach en Hortense Castro. \u2018Bij Tenske\u2019 werd het eerste carnavalslokaal. \u00a0Al vlug werd het duidelijk dat dit groepje jonge kerels nog wat steun van enkele oudere personen kon gebruiken. Daarop traden twee bekende Lonenaren toe: stadssecretaris Charles Pirard en autobusuitbater Pierre Dony. \u2018De Raad van Zeven \u2018 was geboren.<\/p><p>De plannen voor de viering kregen dan een vaste vorm. Eerst moest men een prins zoeken. John vond hem dicht bij huis, ook op het marktplein. Justin Dirickx toonde zich bereid om het eerste Loonse Carnaval te leiden. Dan was er de vraag op welke zondag er carnaval gevierd zou worden? Vastenavondzondag en -maandag waren al bezet door Tongeren en Sint-Truiden. Zou de daaropvolgende zondag niet de oplossing zijn? Maar dat was de eerste zondag van de vasten en dat kon nog gevoelig liggen bij de lokale geestelijkheid. Zo waren toen de tijden. Justin Dirickx had\u00a0 evenwel een goede relatie met deken Guisson en slaagde erin hem om te praten. Zo was de weg vrij voor de eerste Loonse carnavalsstoet op zondag 3 maart 1963.<\/p><p><img loading=\"lazy\" decoding=\"async\" class=\"aligncenter wp-image-14\" src=\"http:\/\/www.rvdc.be\/wp-content\/uploads\/2014\/10\/John-Vanstraelen-200x300.jpg\" sizes=\"(max-width: 200px) 100vw, 200px\" srcset=\"http:\/\/www.rvdc.be\/wp-content\/uploads\/2014\/10\/John-Vanstraelen-200x300.jpg 200w, http:\/\/www.rvdc.be\/wp-content\/uploads\/2014\/10\/John-Vanstraelen-682x1024.jpg 682w, http:\/\/www.rvdc.be\/wp-content\/uploads\/2014\/10\/John-Vanstraelen.jpg 720w\" alt=\"\" width=\"300\" height=\"450\" \/><\/p><p style=\"text-align: center;\">John Vanstraelen<br \/>Stichter carnaval Borgloon<br \/>Mede-stichter Ridders van de ceuleman<br \/>Mede-stichter \u201cLieveke\u201d<\/p><p>Waar men met een bang hart naar uitkeek, werd een grandioos succes. \u201cEen reclamestoet met 135 deelnemers en een carnavalsoptocht met een twintigtal groepen, waaronder heel wat Loonse groepen (de Loonse Turnkring, de Loonse Kloppers, de Loonse Schippersfamilie en de heropgerichte Domino\u2019s) trokken \u2013 onder een stralend zonnetje \u2013 voor een talrijk opgekomen publiek door de Loonse straten.\u201d<\/p><p>Het feest der zotskap werd eigenlijk de zaterdagavond al ingezet toen de Raad van Zeven en prins Justin I in het stadhuis ontvangen werden door burgemeester Jozef Grommen en de gemeenteraadsleden.\u00a0 Het was deze burgemeester die het volgende jaar voorstelde om de naam \u2018Raad van Zeven\u2019 om te vormen tot \u2018Ridders van de Ceuleman\u2019, waarbij hij verwees naar het bekende lekkere appeltje uit onze streek.<\/p><p>Het feest der zotskap werd eigenlijk de zaterdagavond al ingezet toen de Raad van Zeven en prins Justin I in het stadhuis ontvangen werden door burgemeester Jozef Grommen en de gemeenteraadsleden.\u00a0 Het was deze burgemeester die het volgende jaar voorstelde om de naam \u2018Raad van Zeven\u2019 om te vormen tot \u2018Ridders van de Ceuleman\u2019, waarbij hij verwees naar het bekende lekkere appeltje uit onze streek.<\/p><p>1963 werd de eerste van een lange rij carnavalsvieringen in Borgloon. Volgend jaar in 2012 zijn we aan onze 50ste editie toe. Een halve eeuw carnaval in Loon. Wie had dat ooit durven denken ?<\/p><p>Na 1963 ging het enkel in stijgende lijn met Loon Carnaval. In 1964 vond het eerste Prinsenbal plaats. Er waren toen 2 zalen in Borgloon, beide politiek gekleurd. Om de kerk in het midden te houden, liet men het lot beslissen over in welke zaal de 2<sup>e<\/sup>\u00a0Loonse prins zou worden voorgesteld. Het werd de \u2018Patria\u2019 in de Kroonstraat. Daarna werd het zaal \u2018Burgerwelzijn\u2019. In 1967 verschenen de Dansmariekes ten tonele. In 1970 al werd de finale van de Europese Danskampioenschappen voor Dansmariekes door de Ridders van de Ceuleman georganiseerd. In 1968 werd voor het eerst een carnavalszitting in elkaar gebokst. Vanaf 1970 is er telkens een jeugdprins, die op zaterdag de Loonse jeugd door de straten van Loon leidt. Vanaf 1977 was er ook een prinsenpaar van de Derde leeftijd, daarmee is men in 1997 gestopt.<\/p><p>Elk jaar wordt er aan Carnavalissima , de liedjeswedstrijd van de Limburgse carnavalisten deelgenomen. Verscheidene keren keerden de Ridders van de Ceuleman met het winnende lied naar Loon terug en telkens mochten zij instaan voor de volgende editie van dit liedjesfestival.<\/p><p>De Ridders van de Ceuleman zijn niet meer weg te denken uit het Loonse cultuur- en ontspanningsleven. Bij talrijke andere evenementen waren en zijn ze aanwezig. Zij namen deel aan de vieringen van honderdjarigen en van Europees marathonkampioen Karel Lismont. Ze werkten mee aan de vroegere Loonse motorcross en steken elk jaar een handje toe bij de Stroopfeesten op Paasmaandag.<\/p>\t\t\t\t\t\t\t\t<\/div>\n\t\t\t\t<\/div>\n\t\t\t\t\t<\/div>\n\t\t\t\t<\/div>\n\t\t<div class=\"elementor-element elementor-element-c49e9de e-flex e-con-boxed e-con e-parent\" data-id=\"c49e9de\" data-element_type=\"container\" data-e-type=\"container\">\n\t\t\t\t\t<div class=\"e-con-inner\">\n\t\t\t\t<div class=\"elementor-element elementor-element-b356c33 elementor-widget-divider--view-line elementor-widget elementor-widget-divider\" data-id=\"b356c33\" data-element_type=\"widget\" data-e-type=\"widget\" data-widget_type=\"divider.default\">\n\t\t\t\t<div class=\"elementor-widget-container\">\n\t\t\t\t\t\t\t<div class=\"elementor-divider\">\n\t\t\t<span class=\"elementor-divider-separator\">\n\t\t\t\t\t\t<\/span>\n\t\t<\/div>\n\t\t\t\t\t\t<\/div>\n\t\t\t\t<\/div>\n\t\t\t\t\t<\/div>\n\t\t\t\t<\/div>\n\t\t<div class=\"elementor-element elementor-element-6fa8d45 e-flex e-con-boxed e-con e-parent\" data-id=\"6fa8d45\" data-element_type=\"container\" data-e-type=\"container\">\n\t\t\t\t\t<div class=\"e-con-inner\">\n\t\t\t\t<div class=\"elementor-element elementor-element-b7a8023 elementor-widget elementor-widget-text-editor\" data-id=\"b7a8023\" data-element_type=\"widget\" data-e-type=\"widget\" data-widget_type=\"text-editor.default\">\n\t\t\t\t<div class=\"elementor-widget-container\">\n\t\t\t\t\t\t\t\t\t<h1>Internationale contacten :<\/h1><h1>De Drumknaauwers uit Gemert<\/h1><figure id=\"attachment_3788\" class=\"wp-caption aligncenter\" aria-describedby=\"caption-attachment-3788\"><img loading=\"lazy\" decoding=\"async\" class=\"aligncenter wp-image-3788\" src=\"http:\/\/www.rvdc.be\/wp-content\/uploads\/2025\/03\/Logo-GCS-300x178.png\" sizes=\"(max-width: 300px) 100vw, 300px\" srcset=\"http:\/\/www.rvdc.be\/wp-content\/uploads\/2025\/03\/Logo-GCS-300x178.png 300w, http:\/\/www.rvdc.be\/wp-content\/uploads\/2025\/03\/Logo-GCS-1024x608.png 1024w, http:\/\/www.rvdc.be\/wp-content\/uploads\/2025\/03\/Logo-GCS-768x456.png 768w, http:\/\/www.rvdc.be\/wp-content\/uploads\/2025\/03\/Logo-GCS.png 1500w\" alt=\"\" width=\"500\" height=\"297\" \/><figcaption id=\"caption-attachment-3788\" class=\"wp-caption-text\">Het logo van De Drumknauwers<\/figcaption><\/figure><p>Sinds 2000 onderhouden de Ridders van de Ceuleman nauwe banden met de \u201cDrumknaauwers\u2019 uit Gemert in Noordbrabant. Het Gemertse carnaval is ongeveer gelijktijdig met het Loonse carnaval begonnen. Deze vereniging werd opgericht in 1961.<\/p><p>De Ridders van de Ceuleman, die op zoek waren naar contacten met buitenlandse carnavalverenigingen ontmoetten de Gemertse carnavalisten tijdens een internationaal optreden van de Loonse dansmariekes. Na die eerste contacten werd besloten tot een nauwere samenwerking, die nu al 25 jaren duurt. Elk jaar zijn er over-en- weerbezoeken, die de vriendschapsbanden nog steviger gesmeed hebben.<\/p><p>Waar hebben die Gemertse Drumknaauwers hun naam vandaan gehaald ?<\/p><p>Gemert was reeds in de 19e eeuw een gemeente met veel weverijen , waar men werkte met garens uit schapenwol en ook uit vlas (linnenweverijen). Gemert stond dan ook bekend om zijn textielproducten. De lonen in de weverijen waren evenwel laag, zodat er niet veel geld overbleef om een pakje pruimtabak te kopen. Daarom kauwden ze dan maar op een \u2018drum\u2019 : een bosje garen dat men tussen de lippen nam. Vandaar de naam de \u2018 Drumknaauwers\u2019<\/p>\t\t\t\t\t\t\t\t<\/div>\n\t\t\t\t<\/div>\n\t\t\t\t\t<\/div>\n\t\t\t\t<\/div>\n\t\t<div class=\"elementor-element elementor-element-83a8212 e-flex e-con-boxed e-con e-parent\" data-id=\"83a8212\" data-element_type=\"container\" data-e-type=\"container\">\n\t\t\t\t\t<div class=\"e-con-inner\">\n\t\t\t\t<div class=\"elementor-element elementor-element-c23160d elementor-widget-divider--view-line elementor-widget elementor-widget-divider\" data-id=\"c23160d\" data-element_type=\"widget\" data-e-type=\"widget\" data-widget_type=\"divider.default\">\n\t\t\t\t<div class=\"elementor-widget-container\">\n\t\t\t\t\t\t\t<div class=\"elementor-divider\">\n\t\t\t<span class=\"elementor-divider-separator\">\n\t\t\t\t\t\t<\/span>\n\t\t<\/div>\n\t\t\t\t\t\t<\/div>\n\t\t\t\t<\/div>\n\t\t\t\t\t<\/div>\n\t\t\t\t<\/div>\n\t\t<div class=\"elementor-element elementor-element-b0afa9d e-flex e-con-boxed e-con e-parent\" data-id=\"b0afa9d\" data-element_type=\"container\" data-e-type=\"container\">\n\t\t\t\t\t<div class=\"e-con-inner\">\n\t\t\t\t<div class=\"elementor-element elementor-element-29974da elementor-widget elementor-widget-text-editor\" data-id=\"29974da\" data-element_type=\"widget\" data-e-type=\"widget\" data-widget_type=\"text-editor.default\">\n\t\t\t\t<div class=\"elementor-widget-container\">\n\t\t\t\t\t\t\t\t\t<h2>50 jaar \u2018Ridders van de Ceuleman\u2019<\/h2><p><strong>Omwille van ons 50 jarig bestaan, hebben wij een prachtig jubileum- boek uitgebracht.<\/strong><\/p><p><img loading=\"lazy\" decoding=\"async\" class=\"aligncenter wp-image-494\" src=\"http:\/\/www.rvdc.be\/wp-content\/uploads\/2014\/10\/Thumb50j-205x300.png\" sizes=\"(max-width: 205px) 100vw, 205px\" srcset=\"http:\/\/www.rvdc.be\/wp-content\/uploads\/2014\/10\/Thumb50j-205x300.png 205w, http:\/\/www.rvdc.be\/wp-content\/uploads\/2014\/10\/Thumb50j.png 374w\" alt=\"Thumb50j\" width=\"500\" height=\"730\" \/><\/p>\t\t\t\t\t\t\t\t<\/div>\n\t\t\t\t<\/div>\n\t\t\t\t\t<\/div>\n\t\t\t\t<\/div>\n\t\t<div class=\"elementor-element elementor-element-a48de28 e-flex e-con-boxed e-con e-parent\" data-id=\"a48de28\" data-element_type=\"container\" data-e-type=\"container\">\n\t\t\t\t\t<div class=\"e-con-inner\">\n\t\t\t\t<div class=\"elementor-element elementor-element-fec418e elementor-widget-divider--view-line elementor-widget elementor-widget-divider\" data-id=\"fec418e\" data-element_type=\"widget\" data-e-type=\"widget\" data-widget_type=\"divider.default\">\n\t\t\t\t<div class=\"elementor-widget-container\">\n\t\t\t\t\t\t\t<div class=\"elementor-divider\">\n\t\t\t<span class=\"elementor-divider-separator\">\n\t\t\t\t\t\t<\/span>\n\t\t<\/div>\n\t\t\t\t\t\t<\/div>\n\t\t\t\t<\/div>\n\t\t\t\t\t<\/div>\n\t\t\t\t<\/div>\n\t\t<div class=\"elementor-element elementor-element-6404df7 e-flex e-con-boxed e-con e-parent\" data-id=\"6404df7\" data-element_type=\"container\" data-e-type=\"container\">\n\t\t\t\t\t<div class=\"e-con-inner\">\n\t\t\t\t<div class=\"elementor-element elementor-element-8fd4afb elementor-widget elementor-widget-text-editor\" data-id=\"8fd4afb\" data-element_type=\"widget\" data-e-type=\"widget\" data-widget_type=\"text-editor.default\">\n\t\t\t\t<div class=\"elementor-widget-container\">\n\t\t\t\t\t\t\t\t\t<h1>Veiling Borgloon en de Ridders van de Ceuleman<\/h1><p>Als Lonenaren zijn wij zeer trots op de Veiling Borgloon, de tweede grootste fruitveiling van ons land en bekend om zijn kwaliteitsfruit onder het keurmerk Eburon. De veiling heeft reeds een fusie en naamsverandering door gemaakt naar de nieuwe naam \u201cBelorta\u201d. De verstandhouding is hier door niet veranderd<\/p><p>Veiling Borgloon heeft altijd belangstelling voor het Loonse sociale leven getoond en zo ook jarenlang nauw samengewerkt met het Loonse Carnaval.\u00a0 Veiling Borgloon stelde verscheidene keren zijn hallen ter beschikking van de Ridders van de Ceuleman voor de organisatie van hun Prinsenbal, waar heel wat prinsen op spectaculaire wijze ten tonele gevoerd zijn en tal van Vlaamse zangvedetten de avonden hebben opgeluisterd voor telkens een duizendkoppig publiek.<\/p><p>Maar de Loonse fruitveiling was ook het decor voor andere prestigieuze organisaties van de Ridders van de Ceuleman. Vrij vlug beschikten de Ceulemannen over een groep dansmariekes die de faam van het Loonse Carnaval in toernooien hoog hielden. Vaak werden onze dansmariekes Europees kampioen in garde- en showdansen.<\/p><p>De organisatie van deze kampioenschappen was voor de Ridders een droom en een uitdaging. Ze mochten regelmatig selectietoernooien voor het Europese Kampioenschap Dansmariekes organiseren.\u00a0 Als kroon op het werk zelfs eenmaal ook een eindtornooi (finale) van dit kampioenschap in de hallen van de Veiling. Het werd telkens een grandioos feest met honderden dansmariekes uit tal van landen, die hun beste beentjes voorzetten in een wervelende show, met als bekroning de zo gegeerde titel.<\/p><p>Uit dank voor de grote steun van Veiling Borgloon, werden de Ridders van de Ceuleman, bij hun deelnames aan het carnaval elders, de ambassadeurs van het Loonse, Haspengouwse fruit.<\/p><figure id=\"attachment_1087\" class=\"wp-caption aligncenter\" aria-describedby=\"caption-attachment-1087\"><img loading=\"lazy\" decoding=\"async\" class=\"aligncenter wp-image-1087\" src=\"http:\/\/www.rvdc.be\/wp-content\/uploads\/2014\/10\/Boek109.jpg\" sizes=\"(max-width: 1280px) 100vw, 1280px\" srcset=\"http:\/\/www.rvdc.be\/wp-content\/uploads\/2014\/10\/Boek109.jpg 1280w, http:\/\/www.rvdc.be\/wp-content\/uploads\/2014\/10\/Boek109-300x199.jpg 300w, http:\/\/www.rvdc.be\/wp-content\/uploads\/2014\/10\/Boek109-1024x682.jpg 1024w, http:\/\/www.rvdc.be\/wp-content\/uploads\/2014\/10\/Boek109-480x320.jpg 480w\" alt=\"Boek109\" width=\"1100\" height=\"733\" \/><figcaption id=\"caption-attachment-1087\" class=\"wp-caption-text\">Het beeld van de straat van de Veiling Borgloon. Toen nog onder het keurmerk Eburon<\/figcaption><\/figure>\t\t\t\t\t\t\t\t<\/div>\n\t\t\t\t<\/div>\n\t\t\t\t\t<\/div>\n\t\t\t\t<\/div>\n\t\t<div class=\"elementor-element elementor-element-2b074ae e-flex e-con-boxed e-con e-parent\" data-id=\"2b074ae\" data-element_type=\"container\" data-e-type=\"container\">\n\t\t\t\t\t<div class=\"e-con-inner\">\n\t\t\t\t<div class=\"elementor-element elementor-element-c05fdc8 elementor-widget-divider--view-line elementor-widget elementor-widget-divider\" data-id=\"c05fdc8\" data-element_type=\"widget\" data-e-type=\"widget\" data-widget_type=\"divider.default\">\n\t\t\t\t<div class=\"elementor-widget-container\">\n\t\t\t\t\t\t\t<div class=\"elementor-divider\">\n\t\t\t<span class=\"elementor-divider-separator\">\n\t\t\t\t\t\t<\/span>\n\t\t<\/div>\n\t\t\t\t\t\t<\/div>\n\t\t\t\t<\/div>\n\t\t\t\t\t<\/div>\n\t\t\t\t<\/div>\n\t\t<div class=\"elementor-element elementor-element-9426ee5 e-flex e-con-boxed e-con e-parent\" data-id=\"9426ee5\" data-element_type=\"container\" data-e-type=\"container\">\n\t\t\t\t\t<div class=\"e-con-inner\">\n\t\t\t\t<div class=\"elementor-element elementor-element-1e307b3 elementor-widget elementor-widget-text-editor\" data-id=\"1e307b3\" data-element_type=\"widget\" data-e-type=\"widget\" data-widget_type=\"text-editor.default\">\n\t\t\t\t<div class=\"elementor-widget-container\">\n\t\t\t\t\t\t\t\t\t<h1>Fruithallen Derwael en de Ridders van de Ceuleman<\/h1><p>De aanstelling van een nieuwe stadsprins gebeurt telkens tijdens het Prinsenbal, dat meestal plaatsvond op de eerste zaterdag na het nieuwjaarsweekend. Het decor van die aanstelling is in de vele jaren enkele keren gewijzigd. Karel Van Nijlen werd als prins voorgesteld \u00a0in de toenmalige zaal Patria, in de Kroonstraat. Vanaf 1965 tot 1971 was zaal Burgerwelzijn in de Stationsstraat de plaats van het gebeuren. Toen deze zaal uiteindelijk helemaal uit zijn voegen barstte van het volk, moest men op zoek naar een andere locatie. Prins Fernand I was de eerste in een lange rij van prinsen die in de hallen van Veiling Borgloon werd voorgesteld. Vanaf 1972 tot 1981 en van 1989 tot 1994 was de Veiling Borgloon de gastheer. In 1985 werd er wegens de barre\u00a0weersomstandigheden eventjes teruggekeerd naar zaal Burgerwelzijn.<\/p><p>Vanaf 1982 tot en met 1988 stelden de gebroeders Derwael hun fruithallen ter beschikking van het Loonse Carnaval, waarvoor we de familie Derwael nog altijd zeer dankbaar zijn. Het werden prachtige edities van het Prinsenbal. In 1987, bij de inhuldiging van Guy I, werd er zelfs een reuzenpodium in mekaar getimmerd, dat Montmartre met de Moulin Rouge voorstelde. Bart Ka\u00ebll zorgde er voor de ambiance en talrijke prominenten zoals minister van Cultuur Patrick Dewael, senator Lizette Croes, volksvertegenwoordigers Jaak Gabri\u00ebls en Louis Van Velthoven, gedeputeerde Jean-Marie Martin en kabinetschef Leo Wathion woonden de voorstelling van de 25<sup>ste<\/sup>\u00a0stadsprins bij. Ook wanneer de Ridders van de Ceuleman bevriende carnavalsverenigingen uit binnen- en buitenland bezochten, mochten zij steeds een beroep doen op de gulheid van de familie Derwael , die steeds enkele met Loonse appelen en peren gevulde fruitkorven schonk om mee te nemen.<\/p><p>Vanaf 1995 werd de ogenschijnlijk definitieve stek voor het Prinsenbal gevonden: de gemeentelijke sporthal aan de St.-Rochuslaan.<\/p><figure id=\"attachment_1088\" class=\"wp-caption aligncenter\" aria-describedby=\"caption-attachment-1088\"><img loading=\"lazy\" decoding=\"async\" class=\"aligncenter wp-image-1088\" src=\"http:\/\/www.rvdc.be\/wp-content\/uploads\/2014\/10\/Boek108.jpg\" sizes=\"(max-width: 1280px) 100vw, 1280px\" srcset=\"http:\/\/www.rvdc.be\/wp-content\/uploads\/2014\/10\/Boek108.jpg 1280w, http:\/\/www.rvdc.be\/wp-content\/uploads\/2014\/10\/Boek108-300x165.jpg 300w, http:\/\/www.rvdc.be\/wp-content\/uploads\/2014\/10\/Boek108-1024x564.jpg 1024w\" alt=\"Boek108\" width=\"1100\" height=\"607\" \/><figcaption id=\"caption-attachment-1088\" class=\"wp-caption-text\">1 van de vrachtwagens van het fruitbedrijf Derwael.<\/figcaption><\/figure>\t\t\t\t\t\t\t\t<\/div>\n\t\t\t\t<\/div>\n\t\t\t\t\t<\/div>\n\t\t\t\t<\/div>\n\t\t<div class=\"elementor-element elementor-element-ed646b0 e-flex e-con-boxed e-con e-parent\" data-id=\"ed646b0\" data-element_type=\"container\" data-e-type=\"container\">\n\t\t\t\t\t<div class=\"e-con-inner\">\n\t\t\t\t<div class=\"elementor-element elementor-element-8b4cd99 elementor-widget-divider--view-line elementor-widget elementor-widget-divider\" data-id=\"8b4cd99\" data-element_type=\"widget\" data-e-type=\"widget\" data-widget_type=\"divider.default\">\n\t\t\t\t<div class=\"elementor-widget-container\">\n\t\t\t\t\t\t\t<div class=\"elementor-divider\">\n\t\t\t<span class=\"elementor-divider-separator\">\n\t\t\t\t\t\t<\/span>\n\t\t<\/div>\n\t\t\t\t\t\t<\/div>\n\t\t\t\t<\/div>\n\t\t\t\t\t<\/div>\n\t\t\t\t<\/div>\n\t\t<div class=\"elementor-element elementor-element-c58a101 e-flex e-con-boxed e-con e-parent\" data-id=\"c58a101\" data-element_type=\"container\" data-e-type=\"container\">\n\t\t\t\t\t<div class=\"e-con-inner\">\n\t\t\t\t<div class=\"elementor-element elementor-element-a9f172f elementor-widget elementor-widget-text-editor\" data-id=\"a9f172f\" data-element_type=\"widget\" data-e-type=\"widget\" data-widget_type=\"text-editor.default\">\n\t\t\t\t<div class=\"elementor-widget-container\">\n\t\t\t\t\t\t\t\t\t<h1 style=\"text-align: center;\"><span style=\"color: #000000;\">De Stoomstroopfabriek en de Ridders van de Ceuleman<\/span><\/h1><figure id=\"attachment_1089\" aria-describedby=\"caption-attachment-1089\" style=\"width: 1100px\" class=\"wp-caption aligncenter\"><img loading=\"lazy\" decoding=\"async\" class=\"wp-image-1089\" src=\"http:\/\/www.rvdc.be\/wp-content\/uploads\/2014\/10\/Boek107a.jpg\" alt=\"Boek107a\" width=\"1100\" height=\"553\" srcset=\"http:\/\/www.rvdc.be\/wp-content\/uploads\/2014\/10\/Boek107a.jpg 1280w, http:\/\/www.rvdc.be\/wp-content\/uploads\/2014\/10\/Boek107a-300x150.jpg 300w, http:\/\/www.rvdc.be\/wp-content\/uploads\/2014\/10\/Boek107a-1024x514.jpg 1024w\" sizes=\"(max-width: 1100px) 100vw, 1100px\" \/><figcaption id=\"caption-attachment-1089\" class=\"wp-caption-text\">Foto van streetart ikv de monumentenstrijd campagne<\/figcaption><\/figure><p><span style=\"color: #000000;\">In 2007 won de Loonse stoomstroopfabriek &#8211; de vroegere fabriek Wijnants-Groenendaels of in de volksmond\u00a0 <em>\u2019t Groot Panis<\/em> &#8211; de Vlaamse Monumentenstrijd. Dit kon mede gebeuren dankzij een sterke mediacampagne met als peter Stijn Meuris \u00e9n door de steun van heel Limburg. Uit dankbaarheid organiseerde het Loonse stadsbestuur op paasmaandag 2007 een overwinningsfeest, waarbij alle bezoekers gratis pannenkoeken\u00a0 met Loonse stroop konden proeven. \u00a0Talrijke Loonse verenigingen droegen hun steentje bij, ook de Ridders van de Ceuleman. Zij verzorgden het buffet in de grote tent, de hele dag lang. Sinds 2007 worden de Stroopfeesten elk jaar op paasmaandag gevierd, en telkens weer zijn de Ridders van de Ceuleman present, achter de tapkast in de tent.<\/span><\/p><figure id=\"attachment_1090\" aria-describedby=\"caption-attachment-1090\" style=\"width: 1100px\" class=\"wp-caption aligncenter\"><img loading=\"lazy\" decoding=\"async\" class=\"wp-image-1090\" src=\"http:\/\/www.rvdc.be\/wp-content\/uploads\/2014\/10\/Boek107b.jpg\" alt=\"Boek107b\" width=\"1100\" height=\"751\" srcset=\"http:\/\/www.rvdc.be\/wp-content\/uploads\/2014\/10\/Boek107b.jpg 1280w, http:\/\/www.rvdc.be\/wp-content\/uploads\/2014\/10\/Boek107b-300x204.jpg 300w, http:\/\/www.rvdc.be\/wp-content\/uploads\/2014\/10\/Boek107b-1024x699.jpg 1024w\" sizes=\"(max-width: 1100px) 100vw, 1100px\" \/><figcaption id=\"caption-attachment-1090\" class=\"wp-caption-text\">Een foto van de stroopfabriek site na de heraanleg van het plein vooraan.<\/figcaption><\/figure>\t\t\t\t\t\t\t\t<\/div>\n\t\t\t\t<\/div>\n\t\t\t\t\t<\/div>\n\t\t\t\t<\/div>\n\t\t<div class=\"elementor-element elementor-element-dcc210a e-flex e-con-boxed e-con e-parent\" data-id=\"dcc210a\" data-element_type=\"container\" data-e-type=\"container\">\n\t\t\t\t\t<div class=\"e-con-inner\">\n\t\t\t\t<div class=\"elementor-element elementor-element-125aba5 elementor-widget-divider--view-line elementor-widget elementor-widget-divider\" data-id=\"125aba5\" data-element_type=\"widget\" data-e-type=\"widget\" data-widget_type=\"divider.default\">\n\t\t\t\t<div class=\"elementor-widget-container\">\n\t\t\t\t\t\t\t<div class=\"elementor-divider\">\n\t\t\t<span class=\"elementor-divider-separator\">\n\t\t\t\t\t\t<\/span>\n\t\t<\/div>\n\t\t\t\t\t\t<\/div>\n\t\t\t\t<\/div>\n\t\t\t\t\t<\/div>\n\t\t\t\t<\/div>\n\t\t<div class=\"elementor-element elementor-element-6bf585c e-flex e-con-boxed e-con e-parent\" data-id=\"6bf585c\" data-element_type=\"container\" data-e-type=\"container\">\n\t\t\t\t\t<div class=\"e-con-inner\">\n\t\t\t\t<div class=\"elementor-element elementor-element-e7f3fce elementor-widget elementor-widget-text-editor\" data-id=\"e7f3fce\" data-element_type=\"widget\" data-e-type=\"widget\" data-widget_type=\"text-editor.default\">\n\t\t\t\t<div class=\"elementor-widget-container\">\n\t\t\t\t\t\t\t\t\t<h1>PRINSEN van LOON<\/h1><p>Borgloon en zijn Ridders van de Ceuleman tellen tot op dit ogenblik- anno 2011- 49 prinsen. Het is interessant om even na te gaan wat de woonplaats van de prinsen was, op het ogenblik dat zij de scepter zwaaiden over Loon.<\/p><p>De as \u2018Graethabeel\u2019 telt 11 prinsen, de Tongersesteenweg \u00a09 prinsen, de Stationsstraat 5, de Markt 4, de Wellenstraat 3, de Guldenbodemlaan 2 en verder Graaf Lodewijkplein, Nieuwland, Vilsterbron en Weg naar Heks elk 1.<\/p><p>Enkele uit het centrum uitgeweken Lonenaren keerden eventjes terug om prins te worden: \u00a02 uit Gotem, 2 uit Hoepertingen,1 uit Wellen en zelfs 1 uit Brussel.<\/p><p>Viermaal kwam er een prins uit een Loonse deelgemeente: 2 uit Hoepertingen, 1 uit Gotem, 1 uit Jesseren en 1 keer ging zelfs Vlijtingen met de prinseneer lopen.<\/p><p>Merkwaardig in de rij van prinsen is ook het aantal keren dat zowel vader als zoon en zelfs kleinzoon prins en\/of jeugdprins waren:<\/p><ul><li>John en Tony Vanstraelen<\/li><li>Willy, Luc en Gregory Derwael<\/li><li>Theophiel en Jos Koll<\/li><li>Marcel en Peter Schoenaerts<\/li><li>Jean en Paul Delwaide<\/li><li>Fernand en Johan Jamart<\/li><li>Johnny en Christophe Herck<\/li><li>Georgie Derwae, Gregory Derwael en Anthony Billen<\/li><li>Jos en Franky Lowette<\/li><li>Ludo, Jurgen, Dries en Ian\u00a0Wathion<\/li><li>Willy en Bart Warnots<\/li><li>Jos en Joeri Schouben<\/li><li>Rudi en Cedric Vandermeeren<\/li><li>Benny en Jens Derwae<\/li><li>William en Daan Lenaerts<\/li><li>Piero en Massimo Umina<\/li><li>Koen, Niels en Tom Voets<\/li><li>David, Warre en Kobe Wouters<\/li><li>Danny en Senne Dewilde<\/li><li>Ruan en Loes Thys<\/li><\/ul><p>En dan waren er ook nog de broers Luc en Dirk Smets.<\/p>\t\t\t\t\t\t\t\t<\/div>\n\t\t\t\t<\/div>\n\t\t\t\t\t<\/div>\n\t\t\t\t<\/div>\n\t\t<div class=\"elementor-element elementor-element-752be45 e-flex e-con-boxed e-con e-parent\" data-id=\"752be45\" data-element_type=\"container\" data-e-type=\"container\">\n\t\t\t\t\t<div class=\"e-con-inner\">\n\t\t\t\t<div class=\"elementor-element elementor-element-fb1f6f4 elementor-widget-divider--view-line elementor-widget elementor-widget-divider\" data-id=\"fb1f6f4\" data-element_type=\"widget\" data-e-type=\"widget\" data-widget_type=\"divider.default\">\n\t\t\t\t<div class=\"elementor-widget-container\">\n\t\t\t\t\t\t\t<div class=\"elementor-divider\">\n\t\t\t<span class=\"elementor-divider-separator\">\n\t\t\t\t\t\t<\/span>\n\t\t<\/div>\n\t\t\t\t\t\t<\/div>\n\t\t\t\t<\/div>\n\t\t\t\t\t<\/div>\n\t\t\t\t<\/div>\n\t\t<div class=\"elementor-element elementor-element-ea09c1d e-flex e-con-boxed e-con e-parent\" data-id=\"ea09c1d\" data-element_type=\"container\" data-e-type=\"container\">\n\t\t\t\t\t<div class=\"e-con-inner\">\n\t\t\t\t<div class=\"elementor-element elementor-element-dde3132 elementor-widget elementor-widget-text-editor\" data-id=\"dde3132\" data-element_type=\"widget\" data-e-type=\"widget\" data-widget_type=\"text-editor.default\">\n\t\t\t\t<div class=\"elementor-widget-container\">\n\t\t\t\t\t\t\t\t\t<h1>De Ridders van de Ceuleman en de jeugd<\/h1><p>In 2020 kwam er een initiatief tot stand vanuit de Raad van Elf om de \u201coud\u201djeugdprinsen en prinsessen binnen de vereniging te houden om wat meer verjonging binnen de vereniging te krijgen. Samen met een aantal jongere ridders werd dit in samenwerking met de jeugdprinsen die op dat moment nog binnen de vereniging actief waren omkaderd. Ondertussen hebben een aantal van de jeugdprinsen die de vereniging destijds verlaten hebben zich terug bij de jeugdraad en dus de Ridders van de Ceuleman vervoegd. Bijkomend zijn er nog niet-jeugdprinsen of prinsessen toegetreden tot de jeugdraad. Een belangrijke voorwaarde hier voor is dat de nieuwe leden een familieband hebben met de Koninklijke Ridders van de Ceuleman.<\/p><p>De jeugdraad organiseert onder de jeugd periodieke vergaderingen om idee\u00ebn en mogelijks opmerkingen aan te kaarten Deze worden dan als 1 blok naar de Raad Van Elf of het algemeen bestuur gebracht. Zo draagt de jeugd ook een steentje bij aan de werking van de vereniging.<\/p><p>De jeugdraad beperkt zich niet tot enkel de carnavals activiteiten. Zij doen buiten het seizoen nog 1 \u00e0 2 activiteiten om de verbondenheid te versterken. Deze activiteiten kunnen bijvoorbeeld een pretpark bezoeken.<\/p><p>De organisatie van het openingsbal op 11\/11 word met ondersteuning georganiseerd door de juegdraad. Zij verzorgen dan ook zelf de inrichting organisatie, werkverdelingen enzovoort.<\/p><p>Om af te sluiten mag ook vermeld worden dat zij hun eigen logo ontworpen hebben. Zo worden ze nu ook op de affiches van alle activiteiten van de Koninklijke Ridders van de Ceuleman vermeld.<\/p><figure id=\"attachment_3793\" aria-describedby=\"caption-attachment-3793\" style=\"width: 300px\" class=\"wp-caption aligncenter\"><img loading=\"lazy\" decoding=\"async\" class=\"wp-image-3793\" src=\"http:\/\/www.rvdc.be\/wp-content\/uploads\/2025\/03\/Logo-Jeugdraad-PNG-Finaal.png\" alt=\"\" width=\"300\" height=\"351\" srcset=\"http:\/\/www.rvdc.be\/wp-content\/uploads\/2025\/03\/Logo-Jeugdraad-PNG-Finaal.png 760w, http:\/\/www.rvdc.be\/wp-content\/uploads\/2025\/03\/Logo-Jeugdraad-PNG-Finaal-256x300.png 256w\" sizes=\"(max-width: 300px) 100vw, 300px\" \/><figcaption id=\"caption-attachment-3793\" class=\"wp-caption-text\">Logo van de jeugdraad<\/figcaption><\/figure>\t\t\t\t\t\t\t\t<\/div>\n\t\t\t\t<\/div>\n\t\t\t\t\t<\/div>\n\t\t\t\t<\/div>\n\t\t\t\t<\/div>\n\t\t","protected":false},"excerpt":{"rendered":"<p>De oorsprong van carnaval Carnaval, Karnaval, Fasching, Mardi Gras&#8230; Op veel plaatsen in Europa (o.a. Aalst, Keulen, M\u00fcnchen, Veneti\u00eb) en elders in de wereld (o.a. Rio de Janeiro, New Orleans) wordt er elk jaar opnieuw op eigen wijze carnaval gevierd. \u00a0Het is \u00e9\u00e9n van de oudste volksfeesten (zo niet h\u00e9t oudste?), dat je zowel bij [&hellip;]<\/p>\n","protected":false},"author":1,"featured_media":0,"parent":0,"menu_order":0,"comment_status":"closed","ping_status":"open","template":"","meta":{"footnotes":""},"class_list":["post-998","page","type-page","status-publish","hentry"],"blocksy_meta":[],"_links":{"self":[{"href":"http:\/\/www.rvdc.be\/index.php?rest_route=\/wp\/v2\/pages\/998","targetHints":{"allow":["GET"]}}],"collection":[{"href":"http:\/\/www.rvdc.be\/index.php?rest_route=\/wp\/v2\/pages"}],"about":[{"href":"http:\/\/www.rvdc.be\/index.php?rest_route=\/wp\/v2\/types\/page"}],"author":[{"embeddable":true,"href":"http:\/\/www.rvdc.be\/index.php?rest_route=\/wp\/v2\/users\/1"}],"replies":[{"embeddable":true,"href":"http:\/\/www.rvdc.be\/index.php?rest_route=%2Fwp%2Fv2%2Fcomments&post=998"}],"version-history":[{"count":113,"href":"http:\/\/www.rvdc.be\/index.php?rest_route=\/wp\/v2\/pages\/998\/revisions"}],"predecessor-version":[{"id":4258,"href":"http:\/\/www.rvdc.be\/index.php?rest_route=\/wp\/v2\/pages\/998\/revisions\/4258"}],"wp:attachment":[{"href":"http:\/\/www.rvdc.be\/index.php?rest_route=%2Fwp%2Fv2%2Fmedia&parent=998"}],"curies":[{"name":"wp","href":"https:\/\/api.w.org\/{rel}","templated":true}]}}